{"id":60032,"date":"2013-09-01T00:00:00","date_gmt":"2018-12-04T07:32:41","guid":{"rendered":"https:\/\/aprifel-pp.mentalworks.biz\/fr\/resume-scientifique\/age-at-first-introduction-to-complementary-foods-is-associated\/"},"modified":"2018-12-04T08:32:41","modified_gmt":"2018-12-04T07:32:41","slug":"age-at-first-introduction-to-complementary-foods-is-associated","status":"publish","type":"resume","link":"https:\/\/aprifel-pp.mentalworks.biz\/fr\/resume-scientifique\/age-at-first-introduction-to-complementary-foods-is-associated\/","title":{"rendered":"Age at first introduction to complementary foods is associated with sociodemographic factors in children with increased genetic risk of developing type 1 diabetes."},"content":{"rendered":"<p style=\"text-align: justify\">Infant&#039;s age at introduction to certain complementary foods (CF) has in previous studies been associated with islet autoimmunity, which is an early marker for type 1 diabetes (T1D). Various maternal sociodemographic factors have been found to be associated with early introduction to CF. The aims of this study were to describe early infant feeding and identify sociodemographic factors associated with early introduction to CF in a multinational cohort of infants with an increased genetic risk for T1D. The Environmental Determinants of Diabetes in the Young study is a prospective longitudinal birth cohort study. Infants (N = 6404) screened for T1D high risk human leucocyte antigen-DQ genotypes (DR3\/4, DR4\/4, DR4\/8, DR3\/3, DR4\/4, DR4\/1, DR4\/13, DR4\/9 and DR3\/9) were followed for 2 years at six clinical research centres: three in the United States (Colorado, Georgia\/Florida, Washington) and three in Europe (Sweden, Finland, Germany). Age at first introduction to any food was reported at clinical visits every third month from the age of 3 months. Maternal sociodemographic data were self-reported through questionnaires. Age at first introduction to CF was primarily associated with country of residence. Root vegetables and fruits were usually the first CF introduced in Finland and Sweden and cereals were usually the first CF introduced in the United States. Between 15% and 20% of the infants were introduced to solid foods before the age of 4 months. Young maternal age (&lt;25 years), low educational level (&lt;12 years) and smoking during pregnancy were significant predictors of early introduction to CF in this cohort. Infants with a relative with T1D were more likely to be introduced to CF later.<\/p>\n","protected":false},"template":"","mots_cles":[],"class_list":["post-60032","resume","type-resume","status-publish","hentry"],"acf":{"adresse":"Department of Clinical Sciences, Lund University\/CRC, Malm\u00f6, Sweden; Institute of Diabetes Research, Helmholtz Zentrum M\u00fcnchen, Klinikum rechts der lsar, Technische Universit\u00e4t, M\u00fcnchen, Germany.","annee":"2013","mois":"9","numero":"","page":"","auteurs":[{"ID":60025,"post_author":"0","post_date":"2018-12-04 08:32:35","post_date_gmt":"2018-12-04 07:32:35","post_content":"","post_title":"Jill M Norris","post_excerpt":"","post_status":"publish","comment_status":"closed","ping_status":"closed","post_password":"","post_name":"jill-m-norris","to_ping":"","pinged":"","post_modified":"2018-12-04 08:32:35","post_modified_gmt":"2018-12-04 07:32:35","post_content_filtered":"","post_parent":0,"guid":"https:\/\/aprifel-pp.mentalworks.biz\/fr\/auteur\/jill-m-norris\/","menu_order":0,"post_type":"auteur_resume","post_mime_type":"","comment_count":"0","filter":"raw"},{"ID":40266,"post_author":"0","post_date":"2018-12-04 02:11:42","post_date_gmt":"2018-12-04 01:11:42","post_content":"","post_title":"Ulla Uusitalo","post_excerpt":"","post_status":"publish","comment_status":"closed","ping_status":"closed","post_password":"","post_name":"ulla-uusitalo","to_ping":"","pinged":"","post_modified":"2018-12-04 02:11:42","post_modified_gmt":"2018-12-04 01:11:42","post_content_filtered":"","post_parent":0,"guid":"https:\/\/aprifel-pp.mentalworks.biz\/fr\/auteur\/ulla-uusitalo\/","menu_order":0,"post_type":"auteur_resume","post_mime_type":"","comment_count":"0","filter":"raw"},{"ID":60026,"post_author":"0","post_date":"2018-12-04 08:32:36","post_date_gmt":"2018-12-04 07:32:36","post_content":"","post_title":"Kendra Vehik","post_excerpt":"","post_status":"publish","comment_status":"closed","ping_status":"closed","post_password":"","post_name":"kendra-vehik","to_ping":"","pinged":"","post_modified":"2018-12-04 08:32:36","post_modified_gmt":"2018-12-04 07:32:36","post_content_filtered":"","post_parent":0,"guid":"https:\/\/aprifel-pp.mentalworks.biz\/fr\/auteur\/kendra-vehik\/","menu_order":0,"post_type":"auteur_resume","post_mime_type":"","comment_count":"0","filter":"raw"},{"ID":60027,"post_author":"0","post_date":"2018-12-04 08:32:37","post_date_gmt":"2018-12-04 07:32:37","post_content":"","post_title":"Jimin Yang","post_excerpt":"","post_status":"publish","comment_status":"closed","ping_status":"closed","post_password":"","post_name":"jimin-yang","to_ping":"","pinged":"","post_modified":"2018-12-04 08:32:37","post_modified_gmt":"2018-12-04 07:32:37","post_content_filtered":"","post_parent":0,"guid":"https:\/\/aprifel-pp.mentalworks.biz\/fr\/auteur\/jimin-yang\/","menu_order":0,"post_type":"auteur_resume","post_mime_type":"","comment_count":"0","filter":"raw"},{"ID":60028,"post_author":"0","post_date":"2018-12-04 08:32:38","post_date_gmt":"2018-12-04 07:32:38","post_content":"","post_title":"Katherine Silvis","post_excerpt":"","post_status":"publish","comment_status":"closed","ping_status":"closed","post_password":"","post_name":"katherine-silvis","to_ping":"","pinged":"","post_modified":"2018-12-04 08:32:38","post_modified_gmt":"2018-12-04 07:32:38","post_content_filtered":"","post_parent":0,"guid":"https:\/\/aprifel-pp.mentalworks.biz\/fr\/auteur\/katherine-silvis\/","menu_order":0,"post_type":"auteur_resume","post_mime_type":"","comment_count":"0","filter":"raw"},{"ID":60029,"post_author":"0","post_date":"2018-12-04 08:32:39","post_date_gmt":"2018-12-04 07:32:39","post_content":"","post_title":"Sandra Hummel","post_excerpt":"","post_status":"publish","comment_status":"closed","ping_status":"closed","post_password":"","post_name":"sandra-hummel","to_ping":"","pinged":"","post_modified":"2018-12-04 08:32:39","post_modified_gmt":"2018-12-04 07:32:39","post_content_filtered":"","post_parent":0,"guid":"https:\/\/aprifel-pp.mentalworks.biz\/fr\/auteur\/sandra-hummel\/","menu_order":0,"post_type":"auteur_resume","post_mime_type":"","comment_count":"0","filter":"raw"},{"ID":28102,"post_author":"0","post_date":"2018-12-03 23:02:13","post_date_gmt":"2018-12-03 22:02:13","post_content":"","post_title":"Suvi M Virtanen","post_excerpt":"","post_status":"publish","comment_status":"closed","ping_status":"closed","post_password":"","post_name":"suvi-m-virtanen","to_ping":"","pinged":"","post_modified":"2018-12-03 23:02:13","post_modified_gmt":"2018-12-03 22:02:13","post_content_filtered":"","post_parent":0,"guid":"https:\/\/aprifel-pp.mentalworks.biz\/fr\/auteur\/suvi-m-virtanen\/","menu_order":0,"post_type":"auteur_resume","post_mime_type":"","comment_count":"0","filter":"raw"},{"ID":60030,"post_author":"0","post_date":"2018-12-04 08:32:39","post_date_gmt":"2018-12-04 07:32:39","post_content":"","post_title":"Carin Andr\u00e9n Aronsson","post_excerpt":"","post_status":"publish","comment_status":"closed","ping_status":"closed","post_password":"","post_name":"carin-andren-aronsson","to_ping":"","pinged":"","post_modified":"2018-12-04 08:32:39","post_modified_gmt":"2018-12-04 07:32:39","post_content_filtered":"","post_parent":0,"guid":"https:\/\/aprifel-pp.mentalworks.biz\/fr\/auteur\/carin-andren-aronsson\/","menu_order":0,"post_type":"auteur_resume","post_mime_type":"","comment_count":"0","filter":"raw"}],"sources":[{"ID":60031,"post_author":"0","post_date":"2018-12-04 08:32:40","post_date_gmt":"2018-12-04 07:32:40","post_content":"","post_title":"Maternal &amp; child nutrition","post_excerpt":"","post_status":"publish","comment_status":"closed","ping_status":"closed","post_password":"","post_name":"maternal-child-nutrition-20","to_ping":"","pinged":"","post_modified":"2018-12-04 08:32:40","post_modified_gmt":"2018-12-04 07:32:40","post_content_filtered":"","post_parent":0,"guid":"https:\/\/aprifel-pp.mentalworks.biz\/fr\/source\/maternal-child-nutrition-20\/","menu_order":0,"post_type":"source","post_mime_type":"","comment_count":"0","filter":"raw"},{"ID":30833,"post_author":"0","post_date":"2018-12-03 23:37:08","post_date_gmt":"2018-12-03 22:37:08","post_content":"","post_title":"Matern Child Nutr.","post_excerpt":"","post_status":"publish","comment_status":"closed","ping_status":"closed","post_password":"","post_name":"matern-child-nutr","to_ping":"","pinged":"","post_modified":"2018-12-03 23:37:08","post_modified_gmt":"2018-12-03 22:37:08","post_content_filtered":"","post_parent":0,"guid":"https:\/\/aprifel-pp.mentalworks.biz\/fr\/source\/matern-child-nutr\/","menu_order":0,"post_type":"source","post_mime_type":"","comment_count":"0","filter":"raw"}]},"yoast_head":"<!-- This site is optimized with the Yoast SEO Premium plugin v23.6 (Yoast SEO v23.6) - https:\/\/yoast.com\/wordpress\/plugins\/seo\/ -->\n<title>Age at first introduction to complementary foods is associated with sociodemographic factors in children with increased genetic risk of developing type 1 diabetes. - Aprifel<\/title>\n<meta name=\"description\" content=\"Age at first introduction to complementary foods is associated with sociodemographic factors in children with increased genetic risk of developing type 1 diabetes. - Aprifel\" \/>\n<meta name=\"robots\" content=\"noindex, follow\" \/>\n<meta property=\"og:locale\" content=\"fr_FR\" \/>\n<meta property=\"og:type\" content=\"article\" \/>\n<meta property=\"og:title\" content=\"Age at first introduction to complementary foods is associated with sociodemographic factors in children with increased genetic risk of developing type 1 diabetes.\" \/>\n<meta property=\"og:description\" content=\"Age at first introduction to complementary foods is associated with sociodemographic factors in children with increased genetic risk of developing type 1 diabetes.\" \/>\n<meta property=\"og:url\" content=\"https:\/\/aprifel-pp.mentalworks.biz\/fr\/resume-scientifique\/age-at-first-introduction-to-complementary-foods-is-associated\/\" \/>\n<meta property=\"og:site_name\" content=\"Aprifel\" \/>\n<meta name=\"twitter:card\" content=\"summary_large_image\" \/>\n<meta name=\"twitter:label1\" content=\"Dur\u00e9e de lecture estim\u00e9e\" \/>\n\t<meta name=\"twitter:data1\" content=\"1 minute\" \/>\n<script type=\"application\/ld+json\" class=\"yoast-schema-graph\">{\"@context\":\"https:\/\/schema.org\",\"@graph\":[{\"@type\":\"WebPage\",\"@id\":\"https:\/\/aprifel-pp.mentalworks.biz\/fr\/resume-scientifique\/age-at-first-introduction-to-complementary-foods-is-associated\/\",\"url\":\"https:\/\/aprifel-pp.mentalworks.biz\/fr\/resume-scientifique\/age-at-first-introduction-to-complementary-foods-is-associated\/\",\"name\":\"Age at first introduction to complementary foods is associated with sociodemographic factors in children with increased genetic risk of developing type 1 diabetes. - Aprifel\",\"isPartOf\":{\"@id\":\"https:\/\/www.aprifel.com\/fr\/#website\"},\"datePublished\":\"2018-12-04T07:32:41+00:00\",\"dateModified\":\"2018-12-04T07:32:41+00:00\",\"description\":\"Age at first introduction to complementary foods is associated with sociodemographic factors in children with increased genetic risk of developing type 1 diabetes. - Aprifel\",\"breadcrumb\":{\"@id\":\"https:\/\/aprifel-pp.mentalworks.biz\/fr\/resume-scientifique\/age-at-first-introduction-to-complementary-foods-is-associated\/#breadcrumb\"},\"inLanguage\":\"fr-FR\",\"potentialAction\":[{\"@type\":\"ReadAction\",\"target\":[\"https:\/\/aprifel-pp.mentalworks.biz\/fr\/resume-scientifique\/age-at-first-introduction-to-complementary-foods-is-associated\/\"]}]},{\"@type\":\"BreadcrumbList\",\"@id\":\"https:\/\/aprifel-pp.mentalworks.biz\/fr\/resume-scientifique\/age-at-first-introduction-to-complementary-foods-is-associated\/#breadcrumb\",\"itemListElement\":[{\"@type\":\"ListItem\",\"position\":1,\"name\":\"Accueil\",\"item\":\"https:\/\/www.aprifel.com\/fr\/\"},{\"@type\":\"ListItem\",\"position\":2,\"name\":\"R\u00e9sum\u00e9s\",\"item\":\"https:\/\/aprifel-pp.mentalworks.biz\/fr\/resume-scientifique\/\"},{\"@type\":\"ListItem\",\"position\":3,\"name\":\"Age at first introduction to complementary foods is associated with sociodemographic factors in children with increased genetic risk of developing type 1 diabetes.\"}]},{\"@type\":\"WebSite\",\"@id\":\"https:\/\/www.aprifel.com\/fr\/#website\",\"url\":\"https:\/\/www.aprifel.com\/fr\/\",\"name\":\"Aprifel\",\"description\":\"Agence pour la Recherche et l\u2019Information en Fruits et L\u00e9gumes\",\"potentialAction\":[{\"@type\":\"SearchAction\",\"target\":{\"@type\":\"EntryPoint\",\"urlTemplate\":\"https:\/\/www.aprifel.com\/fr\/?s={search_term_string}\"},\"query-input\":{\"@type\":\"PropertyValueSpecification\",\"valueRequired\":true,\"valueName\":\"search_term_string\"}}],\"inLanguage\":\"fr-FR\"}]}<\/script>\n<!-- \/ Yoast SEO Premium plugin. -->","yoast_head_json":{"title":"Age at first introduction to complementary foods is associated with sociodemographic factors in children with increased genetic risk of developing type 1 diabetes. - Aprifel","description":"Age at first introduction to complementary foods is associated with sociodemographic factors in children with increased genetic risk of developing type 1 diabetes. - Aprifel","robots":{"index":"noindex","follow":"follow"},"og_locale":"fr_FR","og_type":"article","og_title":"Age at first introduction to complementary foods is associated with sociodemographic factors in children with increased genetic risk of developing type 1 diabetes.","og_description":"Age at first introduction to complementary foods is associated with sociodemographic factors in children with increased genetic risk of developing type 1 diabetes.","og_url":"https:\/\/aprifel-pp.mentalworks.biz\/fr\/resume-scientifique\/age-at-first-introduction-to-complementary-foods-is-associated\/","og_site_name":"Aprifel","twitter_card":"summary_large_image","twitter_misc":{"Dur\u00e9e de lecture estim\u00e9e":"1 minute"},"schema":{"@context":"https:\/\/schema.org","@graph":[{"@type":"WebPage","@id":"https:\/\/aprifel-pp.mentalworks.biz\/fr\/resume-scientifique\/age-at-first-introduction-to-complementary-foods-is-associated\/","url":"https:\/\/aprifel-pp.mentalworks.biz\/fr\/resume-scientifique\/age-at-first-introduction-to-complementary-foods-is-associated\/","name":"Age at first introduction to complementary foods is associated with sociodemographic factors in children with increased genetic risk of developing type 1 diabetes. - Aprifel","isPartOf":{"@id":"https:\/\/www.aprifel.com\/fr\/#website"},"datePublished":"2018-12-04T07:32:41+00:00","dateModified":"2018-12-04T07:32:41+00:00","description":"Age at first introduction to complementary foods is associated with sociodemographic factors in children with increased genetic risk of developing type 1 diabetes. - Aprifel","breadcrumb":{"@id":"https:\/\/aprifel-pp.mentalworks.biz\/fr\/resume-scientifique\/age-at-first-introduction-to-complementary-foods-is-associated\/#breadcrumb"},"inLanguage":"fr-FR","potentialAction":[{"@type":"ReadAction","target":["https:\/\/aprifel-pp.mentalworks.biz\/fr\/resume-scientifique\/age-at-first-introduction-to-complementary-foods-is-associated\/"]}]},{"@type":"BreadcrumbList","@id":"https:\/\/aprifel-pp.mentalworks.biz\/fr\/resume-scientifique\/age-at-first-introduction-to-complementary-foods-is-associated\/#breadcrumb","itemListElement":[{"@type":"ListItem","position":1,"name":"Accueil","item":"https:\/\/www.aprifel.com\/fr\/"},{"@type":"ListItem","position":2,"name":"R\u00e9sum\u00e9s","item":"https:\/\/aprifel-pp.mentalworks.biz\/fr\/resume-scientifique\/"},{"@type":"ListItem","position":3,"name":"Age at first introduction to complementary foods is associated with sociodemographic factors in children with increased genetic risk of developing type 1 diabetes."}]},{"@type":"WebSite","@id":"https:\/\/www.aprifel.com\/fr\/#website","url":"https:\/\/www.aprifel.com\/fr\/","name":"Aprifel","description":"Agence pour la Recherche et l\u2019Information en Fruits et L\u00e9gumes","potentialAction":[{"@type":"SearchAction","target":{"@type":"EntryPoint","urlTemplate":"https:\/\/www.aprifel.com\/fr\/?s={search_term_string}"},"query-input":{"@type":"PropertyValueSpecification","valueRequired":true,"valueName":"search_term_string"}}],"inLanguage":"fr-FR"}]}},"_links":{"self":[{"href":"https:\/\/aprifel-pp.mentalworks.biz\/fr\/wp-json\/wp\/v2\/resume\/60032"}],"collection":[{"href":"https:\/\/aprifel-pp.mentalworks.biz\/fr\/wp-json\/wp\/v2\/resume"}],"about":[{"href":"https:\/\/aprifel-pp.mentalworks.biz\/fr\/wp-json\/wp\/v2\/types\/resume"}],"wp:attachment":[{"href":"https:\/\/aprifel-pp.mentalworks.biz\/fr\/wp-json\/wp\/v2\/media?parent=60032"}],"wp:term":[{"taxonomy":"mots_cles","embeddable":true,"href":"https:\/\/aprifel-pp.mentalworks.biz\/fr\/wp-json\/wp\/v2\/mots_cles?post=60032"}],"curies":[{"name":"wp","href":"https:\/\/api.w.org\/{rel}","templated":true}]}}